{"id":111,"date":"2014-10-30T05:03:38","date_gmt":"2014-10-30T03:03:38","guid":{"rendered":"http:\/\/szentannaplebania.dnyem.hu\/?page_id=111"},"modified":"2018-09-14T09:45:45","modified_gmt":"2018-09-14T07:45:45","slug":"oseink-hite-kiallitas","status":"publish","type":"page","link":"https:\/\/szentannaplebania.dnyem.hu\/?page_id=111","title":{"rendered":"Pl\u00e9b\u00e1ni\u00e1hoz kell fordulni&#8230;"},"content":{"rendered":"<p><strong>A PL\u00c9B\u00c1NI\u00c1HOZ KELL FORDULNUNK<\/strong><\/p>\n<p>h\u00e1zass\u00e1gk\u00f6t\u00e9ssel, keresztel\u00e9ssel, betegl\u00e1togat\u00e1ssal \u00e9s temet\u00e9ssel kapcsolatban, vagy egy\u00e9b olyan sz\u00fcks\u00e9gben, amely ig\u00e9nyli a pap szolg\u00e1lat\u00e1t.<\/p>\n<p>A pl\u00e9b\u00e1ni\u00e1hoz kell fordulnunk, ha sz\u00fcks\u00e9g\u00fcnk van<\/p>\n<ul>\n<li>keresztlev\u00e9lre, h\u00e1zass\u00e1glev\u00e9lre.<\/li>\n<li>K\u00fcl\u00f6nf\u00e9le igazol\u00e1sokra, mert keresztsz\u00fcl\u0151nek, b\u00e9rmasz\u00fcl\u0151nek, h\u00e1zass\u00e1gi tan\u00fanak k\u00e9rtek fel benn\u00fcnket.<\/li>\n<li>K\u00fcl\u00f6nf\u00e9le enged\u00e9lyekre, mert nem lak\u00f3hely\u00fcnk pl\u00e9b\u00e1ni\u00e1j\u00e1n szeretn\u00e9nk h\u00e1zasodni, (elbocs\u00e1t\u00f3); gyermek\u00fcnket megkereszteltetni (keresztel\u00e9si enged\u00e9ly).<\/li>\n<li>Egyh\u00e1zi fenntart\u00e1s\u00fa int\u00e9zm\u00e9nyekbe val\u00f3 bejut\u00e1shoz lelkip\u00e1sztori aj\u00e1nl\u00e1sra.<\/li>\n<li>Itt fizethetj\u00fck be szem\u00e9lyesen az \u00e9ves egyh\u00e1zi hozz\u00e1j\u00e1rul\u00e1st.<\/li>\n<\/ul>\n<p>Mi a teend\u0151, ha\u2026<\/p>\n<p><strong>SZERETN\u00c9NK H\u00c1ZASS\u00c1GOT K\u00d6TNI.<\/strong><\/p>\n<p>Ha el\u00e9g r\u00e9g\u00f3ta ismeritek \u00e9s el\u00e9g alaposan megismert\u00e9tek egym\u00e1st, ha nem csak szeretitek, hanem megszerett\u00e9tek egym\u00e1st a l\u00e9tez\u0151 \u00f6sszes j\u00f3 \u00e9s rossz tulajdons\u00e1gotokkal egy\u00fctt, akkor az elk\u00e9pzelhet\u0151 legjobb elhat\u00e1roz\u00e1sra jutottatok. Szeretn\u00e9tek szents\u00e9gi h\u00e1zass\u00e1gban \u00e9lni; az egy\u00fctt\u00e9l\u00e9snek abban a form\u00e1j\u00e1ban, amely a teremt\u0151 \u00e9s megv\u00e1lt\u00f3 Isten akarat\u00e1nak megfelel, \u00e9s amelyet \u00e1ld\u00e1sa k\u00eds\u00e9r.<\/p>\n<p>Anyaszentegyh\u00e1zunkban a nagyb\u00f6jti id\u0151ben \u00e9s p\u00e9nteken, mely b\u0171nb\u00e1nati nap, minden esetben ker\u00fclend\u0151 a h\u00e1zass\u00e1gk\u00f6t\u00e9s.<\/p>\n<p><u>Az esk\u00fcv\u0151 v\u00e9gleges id\u0151pontj\u00e1r\u00f3l az esket\u0151 pappal val\u00f3 egyeztet\u00e9s el\u0151tt ne d\u00f6ntsetek!<\/u><\/p>\n<p>A leggyakrabban felmer\u00fcl\u0151 k\u00e9rd\u00e9sek<\/p>\n<ul>\n<li>\u00d6sszeh\u00e1zasodhat-e katolikus templomban k\u00e9t meg nem keresztelt?<\/li>\n<li>\u00d6sszeh\u00e1zasodhat-e katolikus templomban egy katolikus kereszt\u00e9ny \u00e9s egy meg nem keresztelt?<\/li>\n<li>Meg kell-e keresztelkednie a h\u00e1zass\u00e1gk\u00f6t\u00e9s el\u0151tt a meg nem kereszteltnek?<strong> Ha egy\u00e9bk\u00e9nt nem volt sz\u00e1nd\u00e9ka megkeresztelkedni, akkor nem.<\/strong><\/li>\n<li>\u00d6sszeh\u00e1zasodhat-e katolikus templomban egy katolikus kereszt\u00e9ny \u00e9s egy m\u00e1s felekezet\u0171 (reform\u00e1tus, evang\u00e9likus) kereszt\u00e9ny?<\/li>\n<li>\u00c1t kell-e t\u00e9rnie a katolikus hitre a h\u00e1zass\u00e1gk\u00f6t\u00e9s el\u0151tt a m\u00e1s felekezet\u0171 kereszt\u00e9nynek?<strong> Ha egy\u00e9bk\u00e9nt nem volt sz\u00e1nd\u00e9k\u00e1ban, nem kell \u00e1tt\u00e9rnie.<\/strong><\/li>\n<li>Kellenek-e tan\u00fak a templomi esk\u00fcv\u0151h\u00f6z?<strong> Igen, k\u00e9t feln\u0151tt kor\u00fa tan\u00fa kell.<\/strong><\/li>\n<li>Lehet-e tan\u00fa m\u00e1s felekezet\u0171 kereszt\u00e9ny, vagy meg nem keresztelt?<strong> V\u00e9gs\u0151 esetben igen.<\/strong><\/li>\n<li>R\u00e9szt kell-e venni valamilyen el\u0151k\u00e9sz\u00fcleten, jegyesbesz\u00e9lget\u00e9sen?<strong> Ennek gyakoris\u00e1g\u00e1t \u00e9s idej\u00e9t az esket\u0151 pappal kell megbesz\u00e9lni.<\/strong><\/li>\n<li>H\u00e1zasodhat-e templomban az a katolikus, aki nincs megb\u00e9rm\u00e1lva?<strong> Nem, kiv\u00e9ve abban az esetben, ha elh\u00e1r\u00edthatatlan akad\u00e1lya van e szents\u00e9g p\u00f3tl\u00e1s\u00e1nak.<\/strong><\/li>\n<li>Kell-e gy\u00f3nni \u00e1ldozni az esk\u00fcv\u0151 el\u0151tt?<strong> Igen, a katolikus f\u00e9lnek.<\/strong><\/li>\n<li>Van-e k\u00f6lts\u00e9ge a h\u00e1zass\u00e1gk\u00f6t\u00e9s szertart\u00e1s\u00e1nak.<strong> Igen, meghat\u00e1rozott d\u00edja van.<\/strong><\/li>\n<li>Szok\u00e1s-e az esk\u00fcv\u0151 el\u0151tt pr\u00f3b\u00e1t tartani, meg lehet-e tekinteni a templomot?<\/li>\n<li>Hogyan t\u00f6rt\u00e9nik a templom feld\u00edsz\u00edt\u00e9se? <strong>A pl\u00e9b\u00e1ni\u00e1n hozz\u00e1 kell j\u00e1rulni a vir\u00e1g v\u00e1s\u00e1rl\u00e1s k\u00f6lts\u00e9geihez \u00e9s a pl\u00e9b\u00e1nia gondoskodik a templom feld\u00edsz\u00edt\u00e9s\u00e9r\u0151l.<\/strong><\/li>\n<li>A szertart\u00e1son sz\u00f3l-e az orgona?<\/li>\n<\/ul>\n<p>Milyen iratok sz\u00fcks\u00e9gesek a h\u00e1zass\u00e1gk\u00f6t\u00e9shez?<strong>\u00a0<\/strong><\/p>\n<p><strong>A legfontosabb irat a keresztlev\u00e9l.<\/strong>\u00a0(H\u00e1rom h\u00f3napn\u00e1l nem r\u00e9gebbi kivonat a kereszteltek anyak\u00f6nyv\u00e9b\u0151l.) Mindenki ott tudja beszerezni, ahol megkeresztelt\u00e9k. Ha ez neh\u00e9zs\u00e9gbe \u00fctk\u00f6zik (pl. nagy t\u00e1vols\u00e1gra van) az a pl\u00e9b\u00e1nia, ahol az esk\u00fcv\u0151 lesz hivatalos \u00faton megk\u00e9ri. Ha pl. egy nagyobb v\u00e1rosban volt a keresztel\u00e9s, azt is ki kell der\u00edteni, hogy annak melyik templom\u00e1ban t\u00f6rt\u00e9nt.<\/p>\n<p>Sz\u00fcks\u00e9g lehet \u00fan. <strong>elbocs\u00e1t\u00f3 lev\u00e9lre<\/strong>: akkor, ha egy harmadik pl\u00e9b\u00e1ni\u00e1n szeretn\u00e9tek h\u00e1zasodni; vagyis sem nem a menyasszony, sem nem a v\u0151leg\u00e9ny lak\u00f3helye szerinti pl\u00e9b\u00e1ni\u00e1n; hanem pl. egy budapesti \u00e9s egy szegedi lak\u00f3hellyel rendelkez\u0151 szeretne itt h\u00e1zasodni.<\/p>\n<p>Igazol\u00e1s a h\u00e1zass\u00e1gi tan\u00fai tiszts\u00e9ghez. A h\u00e1zass\u00e1gk\u00f6t\u00e9shez \u00e1ltalatok felk\u00e9rt tan\u00fak (amennyiben katolikus kereszt\u00e9nyek) a lak\u00f3hely\u00fck szerinti pl\u00e9b\u00e1ni\u00e1t keress\u00e9k fel ezen igazol\u00e1s\u00e9rt.<\/p>\n<p><strong>SZERETN\u00c9NK GYERMEK\u00dcNKET MEGKERESZTELTETNI.<\/strong><\/p>\n<p>Ez egy nagyon \u00e9rt\u00e9kes, becs\u00fclend\u0151 gondolat. \u00c1m \u00e9rtelme csak akkor van, ha felnevelni is kereszt\u00e9ny m\u00f3don szeretn\u00e9k. Mint ahogy arra a szents\u00e9gi cselekm\u00e9ny els\u0151 r\u00e9sz\u00e9ben \u00edg\u00e9retet is tesznek a sz\u00fcl\u0151k, miut\u00e1n a pap megk\u00e9rdezi: \u201emeg\u00edg\u00e9ritek-e, hogy gyermeketeket Krisztusnak \u00e9s az \u0150 Egyh\u00e1z\u00e1nak t\u00f6rv\u00e9nyei szerint nevelitek f\u00f6l. Ennek a nevel\u00e9snek els\u0151 l\u00e9p\u00e9seiben maguk a sz\u00fcl\u0151k tan\u00edtj\u00e1k meg p\u00e9ld\u00e1ul gyermek\u00fcket egyszer\u0171 szavakkal im\u00e1dkozni, keresztet vetni, hozz\u00e1k magukkal a vas\u00e1rnapi szentmis\u00e9re; majd pedig iskol\u00e1ba ker\u00fclve be\u00edratj\u00e1k hitoktat\u00e1sra. Efel\u0151l term\u00e9szetesen nem k\u00e9rdezik meg a gyermeket, hogy akarod-e, mint ahogy nem d\u00f6nt\u00e9s\u00e9t\u0151l teszik f\u00fcgg\u0151v\u00e9 azt sem, hogy iskol\u00e1ba j\u00e1ratj\u00e1k. A kereszt\u00e9ny sz\u00fcl\u0151nek tudnia kell, hogy s\u00falyos felel\u0151ss\u00e9ggel tartozik gyermeke l\u00e9lekben, hitben val\u00f3 f\u00f6ln\u00f6veked\u00e9s\u00e9\u00e9rt \u00e9s \u00e9ppen ez\u00e9rt nem a d\u00f6nt\u00e9sk\u00e9ptelen gyermekre b\u00edzza ezt a fontos k\u00e9rd\u00e9st.<\/p>\n<p>Jelentkez\u00e9s gyermekkeresztel\u00e9sre<\/p>\n<p>A leggyakrabban felmer\u00fcl\u0151 k\u00e9rd\u00e9sek<\/p>\n<ul>\n<li>Megkeresztelik-e a gyermeket, ha a sz\u00fcl\u0151k nem egyh\u00e1zi h\u00e1zass\u00e1gban \u00e9lnek, csak \u00e9lett\u00e1rsak, vagy polg\u00e1ri h\u00e1zass\u00e1got k\u00f6t\u00f6ttek?<\/li>\n<li>Megkeresztelik-e a gyermeket, ha csak az egyik sz\u00fcl\u0151 katolikus, a m\u00e1sik m\u00e1s felekezet\u0171 kereszt\u00e9ny, vagy nincs megkeresztelve?<\/li>\n<li>Ki k\u00e9rheti a gyermek megkeresztel\u00e9s\u00e9t?<strong> A sz\u00fcl\u0151k k\u00f6z\u00f6sen, vagy egyik sz\u00fcl\u0151.<\/strong><\/li>\n<li>Milyen nevet adjunk a gyermeknek?<strong> Olyan nevet, amelyet id\u0151ben kor\u00e1bban \u00e9lt \u00e9s az Egyh\u00e1z \u00e1ltal szentk\u00e9nt, boldogk\u00e9nt tisztelt szem\u00e9ly viselt (v\u00e9d\u0151szent).<\/strong><\/li>\n<li>Ki lehet keresztsz\u00fcl\u0151?<strong> Az a szem\u00e9ly, aki maga is katolikus kereszt\u00e9ny, p\u00e9ldamutat\u00f3 kereszt\u00e9ny \u00e9letet \u00e9l, volt els\u0151\u00e1ldoz\u00f3 \u00e9s b\u00e9rm\u00e1lkozott, (ha h\u00e1zas, egyh\u00e1zi h\u00e1zass\u00e1gban \u00e9l, saj\u00e1t gyermekeit kereszt\u00e9ny m\u00f3don neveli). Ha b\u00e1rmelyik felt\u00e9tel hi\u00e1nyzik &#8211; az utols\u00f3t kiv\u00e9ve -, akkor a kiv\u00e1lasztott szem\u00e9ly csak a kereszts\u00e9g tan\u00fajak\u00e9nt lehet jelen.<\/strong><\/li>\n<li>H\u00e1ny keresztsz\u00fcl\u0151je lehet a gyermeknek?<strong> A fel\u00e9nk elterjedt szok\u00e1s szerint kett\u0151; \u00e9s lehets\u00e9ges, hogy csak egy keresztsz\u00fcl\u0151je legyen.<\/strong><\/li>\n<li>Megkeresztelhet\u0151-e a gyermek keresztsz\u00fcl\u0151 n\u00e9lk\u00fcl is?<strong> Igen, rendk\u00edv\u00fcli esetben.<\/strong><\/li>\n<li>Milyen id\u0151pontokra lehet a keresztel\u00e9st k\u00e9rni?<strong>&#8211; A mi pl\u00e9b\u00e1ni\u00e1nkon minden 2. \u00e9s 4. vas\u00e1rnap 11-t\u0151l van keresztel\u00e9s.<\/strong><\/li>\n<li>Milyen iratok kellenek a keresztel\u00e9shez?<strong> Ha valaki lak\u00f3helye szerinti pl\u00e9b\u00e1ni\u00e1n keresztelteti meg gyermek\u00e9t, akkor nincs sz\u00fcks\u00e9g semmilyen iratra. A keresztel\u00e9s k\u00e9r\u00e9sekor, a pl\u00e9b\u00e1ni\u00e1n t\u00f6rt\u00e9n\u0151 megbesz\u00e9l\u00e9skor az anyak\u00f6nyvez\u00e9shez sz\u00fcks\u00e9ges adatokat, iratok n\u00e9lk\u00fcl is r\u00f6gz\u00edtj\u00fck, hiszen senkinek nem f\u0171z\u0151dik \u00e9rdeke ahhoz, hogy a val\u00f3s\u00e1gt\u00f3l elt\u00e9r\u0151 adatot k\u00f6z\u00f6lj\u00f6n. Gyermek neve, sz\u00fclet\u00e9si helye, ideje. \u00c9desapja \u00e9s \u00e9desanyja neve, sz\u00fclet\u00e9si helye \u00e9s vall\u00e1sa. \u00c1lland\u00f3 lakc\u00edm\u00fck. Keresztsz\u00fcl\u0151k\/kereszts\u00e9gi tan\u00fak neve, vall\u00e1sa, lakc\u00edme. Ha valaki nem a lak\u00f3helye szerint illet\u00e9kes pl\u00e9b\u00e1ni\u00e1n szeretn\u00e9 gyermek\u00e9t megkereszteltetni, akkor keresztel\u00e9si enged\u00e9lyt kell k\u00e9rnie a lak\u00f3hely szerinti pl\u00e9b\u00e1ni\u00e1t\u00f3l. A keresztsz\u00fcl\u0151k, keresztsz\u00fcl\u0151i igazol\u00e1st k\u00e9rjenek a lak\u00f3hely\u00fck szerint illet\u00e9kes pl\u00e9b\u00e1ni\u00e1t\u00f3l.<\/strong><\/li>\n<\/ul>\n<p><strong>BETEGL\u00c1TOGAT\u00c1ST K\u00c9R\u00dcNK.<\/strong><\/p>\n<p>A beteg csal\u00e1dtaggal val\u00f3 t\u00f6r\u0151d\u00e9sben kapjon helyet lelkip\u00e1sztori megl\u00e1togat\u00e1sa. Id\u0151ben \u00e9rtes\u00edts\u00fck a lelkip\u00e1sztort, hogy j\u00f6jj\u00f6n a beteghez, \u00e9s r\u00e9szes\u00edtse a szents\u00e9gekben (gy\u00f3n\u00e1s, szent\u00e1ldoz\u00e1s \u00e9s betegek szents\u00e9ge).<\/p>\n<p>Sok esetben ez elker\u00fcli a beteg hozz\u00e1tartoz\u00f3inak a figyelm\u00e9t, de ezzel a jav\u00e1t szolg\u00e1lj\u00e1k. Ne v\u00e1rjunk a lelkip\u00e1sztor h\u00edv\u00e1s\u00e1val a beteg \u00e1llapot\u00e1nak rosszabbra fordult\u00e1ig!<\/p>\n<p><strong>EGY CSAL\u00c1DTAGUNK AZ \u00d6R\u00d6KK\u00c9VAL\u00d3S\u00c1GBA K\u00d6LT\u00d6Z\u00d6TT.<\/strong><\/p>\n<p>A katolikusnak keresztelt \u00e9s rem\u00e9lhet\u0151leg \u00e9lete folyam\u00e1n m\u00e1s szents\u00e9gekben is r\u00e9szes\u00fclt szem\u00e9lyt a katolikus egyh\u00e1z szertart\u00e1sa szerint kell eltemetni. Ez nemcsak illend\u0151s\u00e9g k\u00e9rd\u00e9se, hanem tiszteletben tartand\u00f3 szab\u00e1ly, m\u00e1r csak az\u00e9rt is, hiszen az elhunyt \u201etest\u00e9t, a szents\u00e9gek a Szentl\u00e9lek \u00e9l\u0151 templom\u00e1v\u00e1 avatt\u00e1k\u201d. Illetve akinek f\u00f6ldi \u00e9lete hajnal\u00e1t az egyh\u00e1z im\u00e1ja \u00e9s a kereszts\u00e9g szents\u00e9gi kegyelme ragyogta be, azt f\u00f6ldi \u00e9lete alkony\u00e1n is k\u00eds\u00e9rje ugyanannak az egyh\u00e1znak a boldog \u00f6r\u00f6k \u00e9let\u00e9\u00e9rt k\u00f6ny\u00f6rg\u0151 im\u00e1ja a temet\u00e9s szentelm\u00e9ny\u00e9ben, \u00e9s f\u0151k\u00e9nt az \u00fcdv\u00f6ss\u00e9g\u00e9rt bemutatott gy\u00e1szmis\u00e9ben, hiszen \u201eszent \u00e9s \u00fcdv\u00f6s dolog im\u00e1dkozni a meghaltak\u00e9rt, hogy feloldoz\u00e1st nyerjenek b\u0171neikt\u0151l\u201d.<\/p>\n<p>A hal\u00e1lesetet k\u00f6vet\u0151en min\u00e9l hamarabb vegy\u00e9k fel a kapcsolatot vagy az elhunyt lak\u00f3helye szerint, vagy a temet\u00e9s helye szerint illet\u00e9kes pl\u00e9b\u00e1ni\u00e1val. Ez ut\u00f3bbi a szok\u00e1sos.<\/p>\n<p>A a temet\u00e9s v\u00e9gleges id\u0151pontj\u00e1r\u00f3l az eltemet\u0151 pappal val\u00f3 egyeztet\u00e9s el\u0151tt ne d\u00f6ntsenek! A temet\u00e9s gyakorlati r\u00e9sz\u00e9nek lebonyol\u00edt\u00e1s\u00e1t temet\u00e9si szolg\u00e1ltat\u00f3k v\u00e9gzik. A vel\u00fck t\u00f6rt\u00e9nt egyeztet\u00e9s el\u0151tt\/ut\u00e1n fel kell keresni a pl\u00e9b\u00e1ni\u00e1t.<\/p>\n","protected":false},"excerpt":{"rendered":"<p>A PL\u00c9B\u00c1NI\u00c1HOZ KELL FORDULNUNK h\u00e1zass\u00e1gk\u00f6t\u00e9ssel, keresztel\u00e9ssel, betegl\u00e1togat\u00e1ssal \u00e9s temet\u00e9ssel kapcsolatban, vagy egy\u00e9b olyan sz\u00fcks\u00e9gben, amely ig\u00e9nyli a pap szolg\u00e1lat\u00e1t. A pl\u00e9b\u00e1ni\u00e1hoz kell fordulnunk, ha sz\u00fcks\u00e9g\u00fcnk van keresztlev\u00e9lre, h\u00e1zass\u00e1glev\u00e9lre. K\u00fcl\u00f6nf\u00e9le igazol\u00e1sokra, mert keresztsz\u00fcl\u0151nek, b\u00e9rmasz\u00fcl\u0151nek, h\u00e1zass\u00e1gi tan\u00fanak k\u00e9rtek fel benn\u00fcnket. K\u00fcl\u00f6nf\u00e9le enged\u00e9lyekre, mert nem lak\u00f3hely\u00fcnk pl\u00e9b\u00e1ni\u00e1j\u00e1n szeretn\u00e9nk h\u00e1zasodni, (elbocs\u00e1t\u00f3); gyermek\u00fcnket megkereszteltetni (keresztel\u00e9si enged\u00e9ly). Egyh\u00e1zi fenntart\u00e1s\u00fa int\u00e9zm\u00e9nyekbe val\u00f3 &hellip; <a href=\"https:\/\/szentannaplebania.dnyem.hu\/?page_id=111\" class=\"more-link\"><span class=\"screen-reader-text\">Pl\u00e9b\u00e1ni\u00e1hoz kell fordulni&#8230;<\/span> r\u00e9szletei&#8230;<\/a><\/p>\n","protected":false},"author":2,"featured_media":0,"parent":0,"menu_order":7,"comment_status":"closed","ping_status":"closed","template":"","meta":{"footnotes":""},"class_list":["post-111","page","type-page","status-publish","hentry"],"jetpack_shortlink":"https:\/\/wp.me\/P9doK4-1N","jetpack_sharing_enabled":true,"_links":{"self":[{"href":"https:\/\/szentannaplebania.dnyem.hu\/index.php?rest_route=\/wp\/v2\/pages\/111","targetHints":{"allow":["GET"]}}],"collection":[{"href":"https:\/\/szentannaplebania.dnyem.hu\/index.php?rest_route=\/wp\/v2\/pages"}],"about":[{"href":"https:\/\/szentannaplebania.dnyem.hu\/index.php?rest_route=\/wp\/v2\/types\/page"}],"author":[{"embeddable":true,"href":"https:\/\/szentannaplebania.dnyem.hu\/index.php?rest_route=\/wp\/v2\/users\/2"}],"replies":[{"embeddable":true,"href":"https:\/\/szentannaplebania.dnyem.hu\/index.php?rest_route=%2Fwp%2Fv2%2Fcomments&post=111"}],"version-history":[{"count":2,"href":"https:\/\/szentannaplebania.dnyem.hu\/index.php?rest_route=\/wp\/v2\/pages\/111\/revisions"}],"predecessor-version":[{"id":1851,"href":"https:\/\/szentannaplebania.dnyem.hu\/index.php?rest_route=\/wp\/v2\/pages\/111\/revisions\/1851"}],"wp:attachment":[{"href":"https:\/\/szentannaplebania.dnyem.hu\/index.php?rest_route=%2Fwp%2Fv2%2Fmedia&parent=111"}],"curies":[{"name":"wp","href":"https:\/\/api.w.org\/{rel}","templated":true}]}}