{"id":1711,"date":"2018-01-31T11:44:20","date_gmt":"2018-01-31T09:44:20","guid":{"rendered":"http:\/\/szentannaplebania.dnyem.hu\/?page_id=1711"},"modified":"2019-09-20T14:17:26","modified_gmt":"2019-09-20T12:17:26","slug":"debreceni-katolikus-figyelo","status":"publish","type":"page","link":"https:\/\/szentannaplebania.dnyem.hu\/?page_id=1711","title":{"rendered":"Debreceni Katolikus Figyel\u0151"},"content":{"rendered":"<p>2009<\/p>\n<p><a href=\"http:\/\/szentannaplebania.dnyem.hu\/wp-content\/uploads\/76_screen.pdf\">XIX. \u00e9vfolyam 3. sz\u00e1m<\/a><br \/>\n<a href=\"http:\/\/szentannaplebania.dnyem.hu\/wp-content\/uploads\/77_screen.pdf\">XIX. \u00e9vfolyam 4. sz\u00e1m<\/a><\/p>\n<p>2010<\/p>\n<p><a href=\"http:\/\/szentannaplebania.dnyem.hu\/wp-content\/uploads\/78_screen.pdf\">XX. \u00e9vfolyam 1. sz\u00e1m<br \/>\n<\/a> <a href=\"http:\/\/szentannaplebania.dnyem.hu\/wp-content\/uploads\/79_screen.pdf\">XX. \u00e9vfolyam 2. sz\u00e1m<br \/>\n<\/a> <a href=\"http:\/\/szentannaplebania.dnyem.hu\/wp-content\/uploads\/80_screen.pdf\">XX. \u00e9vfolyam 3. sz\u00e1m<br \/>\n<\/a> <a href=\"http:\/\/szentannaplebania.dnyem.hu\/wp-content\/uploads\/81_screen.pdf\">XX. \u00e9vfolyam 4. sz\u00e1m<\/a><\/p>\n<p>2011<\/p>\n<p><a href=\"http:\/\/szentannaplebania.dnyem.hu\/wp-content\/uploads\/82_screen.pdf\">XXI. \u00e9vfolyam 1. sz\u00e1m<br \/>\n<\/a> <a href=\"http:\/\/szentannaplebania.dnyem.hu\/wp-content\/uploads\/83_screen.pdf\">XXI. \u00e9vfolyam 2. sz\u00e1m<\/a><br \/>\n<a href=\"http:\/\/szentannaplebania.dnyem.hu\/wp-content\/uploads\/84_screen.pdf\">XXI. \u00e9vfolyam 3. sz\u00e1m<br \/>\n<\/a> <a href=\"http:\/\/szentannaplebania.dnyem.hu\/wp-content\/uploads\/85_screen.pdf\">XXI. \u00e9vfolyam 4. sz\u00e1m<\/a><\/p>\n<p>2012<\/p>\n<p><a href=\"http:\/\/szentannaplebania.dnyem.hu\/wp-content\/uploads\/86_screen.pdf\">XXII. \u00e9vfolyam 1. sz\u00e1m<\/a><br \/>\n<a href=\"http:\/\/szentannaplebania.dnyem.hu\/wp-content\/uploads\/87_screen.pdf\">XXII. \u00e9vfolyam 2. sz\u00e1m<br \/>\n<\/a><a href=\"http:\/\/szentannaplebania.dnyem.hu\/wp-content\/uploads\/88_screen.pdf\">XXII. \u00e9vfolyam 3. sz\u00e1m<br \/>\n<\/a> <a href=\"http:\/\/szentannaplebania.dnyem.hu\/wp-content\/uploads\/89_screen.pdf\">XXII. \u00e9vfolyam 4. sz\u00e1m<\/a><\/p>\n<p>2013<\/p>\n<p><a href=\"http:\/\/szentannaplebania.dnyem.hu\/wp-content\/uploads\/90_screen.pdf\">XXIII. \u00e9vfolyam 1. sz\u00e1m<\/a><br \/>\n<a href=\"http:\/\/szentannaplebania.dnyem.hu\/wp-content\/uploads\/91_screen.pdf\">XXIII. \u00e9vfolyam 2. sz\u00e1m<\/a><br \/>\n<a href=\"http:\/\/szentannaplebania.dnyem.hu\/wp-content\/uploads\/92_screen.pdf\">XXIII. \u00e9vfolyam 3. sz\u00e1m<\/a><br \/>\n<a href=\"http:\/\/szentannaplebania.dnyem.hu\/wp-content\/uploads\/93_screen.pdf\">XXIII. \u00e9vfolyam 4. sz\u00e1m<\/a><\/p>\n<p>2014<\/p>\n<p><a href=\"http:\/\/szentannaplebania.dnyem.hu\/wp-content\/uploads\/94_screen.pdf\">XXIV. \u00e9vfolyam 1. sz\u00e1m<\/a><br \/>\n<a href=\"http:\/\/szentannaplebania.dnyem.hu\/wp-content\/uploads\/95_screen.pdf\">XXIV. \u00e9vfolyam 2. sz\u00e1m<\/a><br \/>\n<a href=\"http:\/\/szentannaplebania.dnyem.hu\/wp-content\/uploads\/96_screen.pdf\">XXIV. \u00e9vfolyam 3. sz\u00e1m<br \/>\n<\/a><a href=\"http:\/\/szentannaplebania.dnyem.hu\/wp-content\/uploads\/97_screen.pdf\">XXIV. \u00e9vfolyam 4. sz\u00e1m<\/a><\/p>\n<p>2015<\/p>\n<p><a href=\"http:\/\/szentannaplebania.dnyem.hu\/wp-content\/uploads\/98_screen.pdf\">XXV. \u00e9vfolyam 1. sz\u00e1m<\/a><br \/>\n<a href=\"http:\/\/szentannaplebania.dnyem.hu\/wp-content\/uploads\/99_screen.pdf\">XXV. \u00e9vfolyam 2. sz\u00e1m<\/a><br \/>\n<a href=\"http:\/\/szentannaplebania.dnyem.hu\/wp-content\/uploads\/100_screen.pdf\">XXV. \u00e9vfolyam 3. sz\u00e1m<\/a><br \/>\n<a href=\"http:\/\/szentannaplebania.dnyem.hu\/wp-content\/uploads\/101_screen.pdf\">XXV. \u00e9vfolyam 4. sz\u00e1m<\/a><\/p>\n<p>2016<\/p>\n<p><a href=\"http:\/\/szentannaplebania.dnyem.hu\/wp-content\/uploads\/102_screen.pdf\">XXVI. \u00e9vfolyam 1. sz\u00e1m<\/a><br \/>\n<a href=\"http:\/\/szentannaplebania.dnyem.hu\/wp-content\/uploads\/103_screen.pdf\">XXVI. \u00e9vfolyam 2. sz\u00e1m<\/a><br \/>\n<a href=\"http:\/\/szentannaplebania.dnyem.hu\/wp-content\/uploads\/104_screen.pdf\">XXVI. \u00e9vfolyam 3. sz\u00e1m<\/a><br \/>\n<a href=\"http:\/\/szentannaplebania.dnyem.hu\/wp-content\/uploads\/105_screen.pdf\">XXVI. \u00e9vfolyam 4. sz\u00e1m<\/a><\/p>\n<p>2017<\/p>\n<p><a href=\"http:\/\/szentannaplebania.dnyem.hu\/wp-content\/uploads\/106_screen.pdf\">XXVII. \u00e9vfolyam 1. sz\u00e1m<\/a><br \/>\n<a href=\"http:\/\/szentannaplebania.dnyem.hu\/wp-content\/uploads\/107_screen.pdf\">XXVII. \u00e9vfolyam 2. sz\u00e1m<\/a><br \/>\n<a href=\"http:\/\/szentannaplebania.dnyem.hu\/wp-content\/uploads\/108_screen.pdf\">XXVII. \u00e9vfolyam 3. sz\u00e1m<\/a><br \/>\n<a href=\"http:\/\/szentannaplebania.dnyem.hu\/wp-content\/uploads\/109_screen.pdf\">XXVII. \u00e9vfolyam 4. sz\u00e1m<\/a><\/p>\n<p>2018<\/p>\n<p><a href=\"http:\/\/szentannaplebania.dnyem.hu\/wp-content\/uploads\/110_screen.pdf\">XXVIII. \u00e9vfolyam 1. sz\u00e1m<\/a><br \/>\n<a href=\"http:\/\/szentannaplebania.dnyem.hu\/wp-content\/uploads\/111_screen.pdf\">XXVIII. \u00e9vfolyam 2. sz\u00e1m<\/a><br \/>\n<a href=\"http:\/\/szentannaplebania.dnyem.hu\/wp-content\/uploads\/112_screen.pdf\">XXVIII. \u00e9vfolyam 3. sz\u00e1m<\/a><br \/>\n<a href=\"http:\/\/szentannaplebania.dnyem.hu\/wp-content\/uploads\/113_screen.pdf\">XXVIII. \u00e9vfolyam 4. sz\u00e1m<\/a><\/p>\n<p>2019<\/p>\n<p><a href=\"http:\/\/szentannaplebania.dnyem.hu\/wp-content\/uploads\/115_screen.pdf\">XXIX. \u00e9vfolyam 1, sz\u00e1m<\/a><\/p>\n","protected":false},"excerpt":{"rendered":"<p>2009 XIX. \u00e9vfolyam 3. sz\u00e1m XIX. \u00e9vfolyam 4. sz\u00e1m 2010 XX. \u00e9vfolyam 1. sz\u00e1m XX. \u00e9vfolyam 2. sz\u00e1m XX. \u00e9vfolyam 3. sz\u00e1m XX. \u00e9vfolyam 4. sz\u00e1m 2011 XXI. \u00e9vfolyam 1. sz\u00e1m XXI. \u00e9vfolyam 2. sz\u00e1m XXI. \u00e9vfolyam 3. sz\u00e1m XXI. \u00e9vfolyam 4. sz\u00e1m 2012 XXII. \u00e9vfolyam 1. sz\u00e1m XXII. \u00e9vfolyam 2. sz\u00e1m XXII. \u00e9vfolyam 3. &hellip; <a href=\"https:\/\/szentannaplebania.dnyem.hu\/?page_id=1711\" class=\"more-link\"><span class=\"screen-reader-text\">Debreceni Katolikus Figyel\u0151<\/span> r\u00e9szletei&#8230;<\/a><\/p>\n","protected":false},"author":2,"featured_media":0,"parent":0,"menu_order":0,"comment_status":"closed","ping_status":"closed","template":"","meta":{"footnotes":""},"class_list":["post-1711","page","type-page","status-publish","hentry"],"jetpack_shortlink":"https:\/\/wp.me\/P9doK4-rB","jetpack_sharing_enabled":true,"_links":{"self":[{"href":"https:\/\/szentannaplebania.dnyem.hu\/index.php?rest_route=\/wp\/v2\/pages\/1711","targetHints":{"allow":["GET"]}}],"collection":[{"href":"https:\/\/szentannaplebania.dnyem.hu\/index.php?rest_route=\/wp\/v2\/pages"}],"about":[{"href":"https:\/\/szentannaplebania.dnyem.hu\/index.php?rest_route=\/wp\/v2\/types\/page"}],"author":[{"embeddable":true,"href":"https:\/\/szentannaplebania.dnyem.hu\/index.php?rest_route=\/wp\/v2\/users\/2"}],"replies":[{"embeddable":true,"href":"https:\/\/szentannaplebania.dnyem.hu\/index.php?rest_route=%2Fwp%2Fv2%2Fcomments&post=1711"}],"version-history":[{"count":2,"href":"https:\/\/szentannaplebania.dnyem.hu\/index.php?rest_route=\/wp\/v2\/pages\/1711\/revisions"}],"predecessor-version":[{"id":1990,"href":"https:\/\/szentannaplebania.dnyem.hu\/index.php?rest_route=\/wp\/v2\/pages\/1711\/revisions\/1990"}],"wp:attachment":[{"href":"https:\/\/szentannaplebania.dnyem.hu\/index.php?rest_route=%2Fwp%2Fv2%2Fmedia&parent=1711"}],"curies":[{"name":"wp","href":"https:\/\/api.w.org\/{rel}","templated":true}]}}